{"id":3210,"date":"2023-05-02T10:14:49","date_gmt":"2023-05-02T10:14:49","guid":{"rendered":"https:\/\/www.congresoibericofundicion.com\/?page_id=3210"},"modified":"2025-03-26T08:33:11","modified_gmt":"2025-03-26T08:33:11","slug":"politica-de-privacidad","status":"publish","type":"page","link":"https:\/\/www.congresoibericofundicion.com\/index.php\/politica-de-privacidad\/","title":{"rendered":"Pol\u00edtica de privacidad"},"content":{"rendered":"\t\t<div data-elementor-type=\"wp-page\" data-elementor-id=\"3210\" class=\"elementor elementor-3210\">\n\t\t\t\t\t\t\t<div class=\"elementor-element elementor-element-007591f e-flex e-con-boxed e-con\" data-id=\"007591f\" data-element_type=\"container\" data-settings=\"{&quot;content_width&quot;:&quot;boxed&quot;}\">\n\t\t\t\t\t<div class=\"e-con-inner\">\n\t\t\t\t\t<\/div>\n\t\t\t\t<\/div>\n\t\t<div class=\"elementor-element elementor-element-ed2aa3a e-flex e-con-boxed e-con\" data-id=\"ed2aa3a\" data-element_type=\"container\" data-settings=\"{&quot;content_width&quot;:&quot;boxed&quot;}\">\n\t\t\t\t\t<div class=\"e-con-inner\">\n\t\t\t\t<div class=\"elementor-element elementor-element-38bf8f6 elementor-widget elementor-widget-heading\" data-id=\"38bf8f6\" data-element_type=\"widget\" data-widget_type=\"heading.default\">\n\t\t\t\t<div class=\"elementor-widget-container\">\n\t\t\t<style>\/*! elementor - v3.14.0 - 26-06-2023 *\/\n.elementor-heading-title{padding:0;margin:0;line-height:1}.elementor-widget-heading .elementor-heading-title[class*=elementor-size-]>a{color:inherit;font-size:inherit;line-height:inherit}.elementor-widget-heading .elementor-heading-title.elementor-size-small{font-size:15px}.elementor-widget-heading .elementor-heading-title.elementor-size-medium{font-size:19px}.elementor-widget-heading .elementor-heading-title.elementor-size-large{font-size:29px}.elementor-widget-heading .elementor-heading-title.elementor-size-xl{font-size:39px}.elementor-widget-heading .elementor-heading-title.elementor-size-xxl{font-size:59px}<\/style><h2 class=\"elementor-heading-title elementor-size-default\">DECLARACI\u00d3N DE PRIVACIDAD EXTENSA<\/h2>\t\t<\/div>\n\t\t\t\t<\/div>\n\t\t\t\t<div class=\"elementor-element elementor-element-fe20a7b elementor-widget elementor-widget-heading\" data-id=\"fe20a7b\" data-element_type=\"widget\" data-widget_type=\"heading.default\">\n\t\t\t\t<div class=\"elementor-widget-container\">\n\t\t\t<h3 class=\"elementor-heading-title elementor-size-default\">www.congresoibericofundicion.com<\/h3>\t\t<\/div>\n\t\t\t\t<\/div>\n\t\t\t\t\t<\/div>\n\t\t\t\t<\/div>\n\t\t<div class=\"elementor-element elementor-element-7a15f04 e-flex e-con-boxed e-con\" data-id=\"7a15f04\" data-element_type=\"container\" data-settings=\"{&quot;content_width&quot;:&quot;boxed&quot;}\">\n\t\t\t\t\t<div class=\"e-con-inner\">\n\t\t<div class=\"elementor-element elementor-element-a08c018 e-flex e-con-boxed e-con\" data-id=\"a08c018\" data-element_type=\"container\" data-settings=\"{&quot;content_width&quot;:&quot;boxed&quot;}\">\n\t\t\t\t\t<div class=\"e-con-inner\">\n\t\t\t\t<div class=\"elementor-element elementor-element-33d799e elementor-widget elementor-widget-heading\" data-id=\"33d799e\" data-element_type=\"widget\" data-widget_type=\"heading.default\">\n\t\t\t\t<div class=\"elementor-widget-container\">\n\t\t\t<h3 class=\"elementor-heading-title elementor-size-default\">1.- \u00bfQUI\u00c9N ES EL RESPONSABLE DEL TRATAMIENTO DE SUS DATOS?<\/h3>\t\t<\/div>\n\t\t\t\t<\/div>\n\t\t\t\t\t<\/div>\n\t\t\t\t<\/div>\n\t\t<div class=\"elementor-element elementor-element-bd531f7 e-flex e-con-boxed e-con\" data-id=\"bd531f7\" data-element_type=\"container\" data-settings=\"{&quot;content_width&quot;:&quot;boxed&quot;}\">\n\t\t\t\t\t<div class=\"e-con-inner\">\n\t\t\t\t<div class=\"elementor-element elementor-element-766c5cb elementor-widget elementor-widget-heading\" data-id=\"766c5cb\" data-element_type=\"widget\" data-widget_type=\"heading.default\">\n\t\t\t\t<div class=\"elementor-widget-container\">\n\t\t\t<h2 class=\"elementor-heading-title elementor-size-small\">Son entidades responsables de esta web y de organizaci\u00f3n del Congreso ib\u00e9rico de fundici\u00f3n respectivamente:\n<br><br>Denominaci\u00f3n: FEDERACION ESPA\u00d1OLA DE ASOCIACIONES DE FUNDIDORES<br>C.I.F.\/N.I.F.: V48918211<br>Domicilio Social: Alameda de Urquijo 33,1\u00ba Dcha., 48008 Bilbao ( Bizkaia)<br>Estatutos depositados en el Ministerio de Empleo y Seguridad social. Exp. N\u00aa 7066 desde el 29\/04\/1997<br>Tel\u00e9fono: 944700707<br>Correo electr\u00f3nico: feaf@feaf.es<br><br>\nDenominaci\u00f3n: FUNDIGEX AGRUPACION DE EXPORTADORES DE FUNDICION<br>C.I.F.\/N.I.F.: G48186670<br>Domicilio Social: P.E. Ibarrabarri, Calle Iturriondo, 18 A1. 1\u00baC 48940 LEIOA ( Bizkaia)<br>Inscrita en el Servicio de Dep\u00f3sito de Estatutos de la Subdirecci\u00f3n General de Programaci\u00f3n y Actuaci\u00f3n Administrativa (Ministerio de Trabajo y Asuntos Sociales, Direcci\u00f3n General de Trabajo<br>Telef.: (+34) 94 4706505<br>E-mail: fundigex@fundigex.es<\/h2>\t\t<\/div>\n\t\t\t\t<\/div>\n\t\t\t\t\t<\/div>\n\t\t\t\t<\/div>\n\t\t\t\t\t<\/div>\n\t\t\t\t<\/div>\n\t\t<div class=\"elementor-element elementor-element-81748e1 e-flex e-con-boxed e-con\" data-id=\"81748e1\" data-element_type=\"container\" data-settings=\"{&quot;content_width&quot;:&quot;boxed&quot;}\">\n\t\t\t\t\t<div class=\"e-con-inner\">\n\t\t<div class=\"elementor-element elementor-element-7c688ca e-flex e-con-boxed e-con\" data-id=\"7c688ca\" data-element_type=\"container\" data-settings=\"{&quot;content_width&quot;:&quot;boxed&quot;}\">\n\t\t\t\t\t<div class=\"e-con-inner\">\n\t\t\t\t<div class=\"elementor-element elementor-element-f0e4981 elementor-widget elementor-widget-heading\" data-id=\"f0e4981\" data-element_type=\"widget\" data-widget_type=\"heading.default\">\n\t\t\t\t<div class=\"elementor-widget-container\">\n\t\t\t<h3 class=\"elementor-heading-title elementor-size-default\">2.- \u00bfCON QU\u00c9 FINALIDAD TRATAMOS SUS DATOS PERSONALES? <\/h3>\t\t<\/div>\n\t\t\t\t<\/div>\n\t\t\t\t\t<\/div>\n\t\t\t\t<\/div>\n\t\t<div class=\"elementor-element elementor-element-2ae3834 e-flex e-con-boxed e-con\" data-id=\"2ae3834\" data-element_type=\"container\" data-settings=\"{&quot;content_width&quot;:&quot;boxed&quot;}\">\n\t\t\t\t\t<div class=\"e-con-inner\">\n\t\t\t\t<div class=\"elementor-element elementor-element-d882240 elementor-widget elementor-widget-heading\" data-id=\"d882240\" data-element_type=\"widget\" data-widget_type=\"heading.default\">\n\t\t\t\t<div class=\"elementor-widget-container\">\n\t\t\t<h2 class=\"elementor-heading-title elementor-size-small\">Conforme con lo dispuesto en el Reglamento UE 679\/2016 y en la Ley org\u00e1nica 3\/2018 de 5 de Diciembre de protecci\u00f3n de datos personales y garant\u00eda de los derechos digitales, le informamos de que los datos de car\u00e1cter personal que nos facilita y aquellos que se generan durante el desarrollo de relaci\u00f3n con usted, son tratados con las siguientes finalidades:<\/h2>\t\t<\/div>\n\t\t\t\t<\/div>\n\t\t\t\t\t<\/div>\n\t\t\t\t<\/div>\n\t\t\t\t\t<\/div>\n\t\t\t\t<\/div>\n\t\t<div class=\"elementor-element elementor-element-1f6e630 e-flex e-con-boxed e-con\" data-id=\"1f6e630\" data-element_type=\"container\" data-settings=\"{&quot;content_width&quot;:&quot;boxed&quot;}\">\n\t\t\t\t\t<div class=\"e-con-inner\">\n\t\t\t\t<div class=\"elementor-element elementor-element-b5cbfef elementor-widget elementor-widget-heading\" data-id=\"b5cbfef\" data-element_type=\"widget\" data-widget_type=\"heading.default\">\n\t\t\t\t<div class=\"elementor-widget-container\">\n\t\t\t<h4 class=\"elementor-heading-title elementor-size-default\">\u2022\t2.2. Datos facilitados a trav\u00e9s de formularios de contacto:<\/h4>\t\t<\/div>\n\t\t\t\t<\/div>\n\t\t<div class=\"elementor-element elementor-element-767f1e8 e-flex e-con-boxed e-con\" data-id=\"767f1e8\" data-element_type=\"container\" data-settings=\"{&quot;content_width&quot;:&quot;boxed&quot;}\">\n\t\t\t\t\t<div class=\"e-con-inner\">\n\t\t\t\t<div class=\"elementor-element elementor-element-240ec10 elementor-widget elementor-widget-heading\" data-id=\"240ec10\" data-element_type=\"widget\" data-widget_type=\"heading.default\">\n\t\t\t\t<div class=\"elementor-widget-container\">\n\t\t\t<h2 class=\"elementor-heading-title elementor-size-small\">\u25e6\tGestionar, tramitar y dar respuesta a sus peticiones, solicitudes, incidencias o consultas.<br>\u25e6\tProporcionarle informaci\u00f3n acerca del Congreso Ib\u00e9rico de fundici\u00f3n y los servicios prestados por las entidades organizadoras en relaci\u00f3n al mismo y a favorecer su asistencia y participaci\u00f3n consintiendo para ello, el env\u00edo de comunicaciones por correo electr\u00f3nico, o por cualquier otro medio que nos haya facilitado.<br>\u25e6\tEl env\u00edo de comunicaciones relacionadas con las actividades desarrolladas por las entidades organizadoras y que pudieran ser de su inter\u00e9s. <br>\u25e6\tLa respuesta a consultas, reclamaciones y sugerencias, y la realizaci\u00f3n de todo tipo de acciones de comunicaci\u00f3n.<br>\u25e6\tPermitir la inscripci\u00f3n y participaci\u00f3n de la persona interesada en el congreso como patrocinador, ponente o asistente al mismo.<br>\u25e6\tLa gesti\u00f3n contable, fiscal y administrativa de la entidad<br>\u25e6\tEfectuar an\u00e1lisis sobre la utilizaci\u00f3n del Sitio Web y comprobar las preferencias y comportamientos de las personas usuarias.<\/h2>\t\t<\/div>\n\t\t\t\t<\/div>\n\t\t\t\t\t<\/div>\n\t\t\t\t<\/div>\n\t\t\t\t\t<\/div>\n\t\t\t\t<\/div>\n\t\t<div class=\"elementor-element elementor-element-4bdc267 e-flex e-con-boxed e-con\" data-id=\"4bdc267\" data-element_type=\"container\" data-settings=\"{&quot;content_width&quot;:&quot;boxed&quot;}\">\n\t\t\t\t\t<div class=\"e-con-inner\">\n\t\t<div class=\"elementor-element elementor-element-09de6f6 e-flex e-con-boxed e-con\" data-id=\"09de6f6\" data-element_type=\"container\" data-settings=\"{&quot;content_width&quot;:&quot;boxed&quot;}\">\n\t\t\t\t\t<div class=\"e-con-inner\">\n\t\t\t\t<div class=\"elementor-element elementor-element-44887e0 elementor-widget elementor-widget-heading\" data-id=\"44887e0\" data-element_type=\"widget\" data-widget_type=\"heading.default\">\n\t\t\t\t<div class=\"elementor-widget-container\">\n\t\t\t<h3 class=\"elementor-heading-title elementor-size-default\">3.- \u00bfCU\u00c1NTO TIEMPO CONSERVAREMOS SUS DATOS? <\/h3>\t\t<\/div>\n\t\t\t\t<\/div>\n\t\t\t\t\t<\/div>\n\t\t\t\t<\/div>\n\t\t<div class=\"elementor-element elementor-element-58bc5e2 e-flex e-con-boxed e-con\" data-id=\"58bc5e2\" data-element_type=\"container\" data-settings=\"{&quot;content_width&quot;:&quot;boxed&quot;}\">\n\t\t\t\t\t<div class=\"e-con-inner\">\n\t\t\t\t<div class=\"elementor-element elementor-element-425750b elementor-widget elementor-widget-heading\" data-id=\"425750b\" data-element_type=\"widget\" data-widget_type=\"heading.default\">\n\t\t\t\t<div class=\"elementor-widget-container\">\n\t\t\t<h2 class=\"elementor-heading-title elementor-size-small\">Los datos personales proporcionados se conservar\u00e1n mientras no se solicite su supresi\u00f3n por la persona interesada, o quien legalmente act\u00fae como su representante legal y \u00e9sta proceda, y mientras sean necesarios -incluyendo la necesidad de conservarlos durante los plazos de prescripci\u00f3n aplicables- o pertinentes para la finalidad para la cual hubieran sido recabados o registrados. <br><br>\nLa conservaci\u00f3n de los datos estar\u00e1 condicionada a la obligaci\u00f3n legal que LAS ENTIDADES ORGANIZADORAS tenga de conservarlos. Superados esos plazos los datos ser\u00e1n destruidos o borrados, realiz\u00e1ndose la supresi\u00f3n, eliminaci\u00f3n o destrucci\u00f3n de modo que la informaci\u00f3n contenida en los soportes no sea recuperable.\n<\/h2>\t\t<\/div>\n\t\t\t\t<\/div>\n\t\t\t\t\t<\/div>\n\t\t\t\t<\/div>\n\t\t\t\t\t<\/div>\n\t\t\t\t<\/div>\n\t\t<div class=\"elementor-element elementor-element-b45f906 e-flex e-con-boxed e-con\" data-id=\"b45f906\" data-element_type=\"container\" data-settings=\"{&quot;content_width&quot;:&quot;boxed&quot;}\">\n\t\t\t\t\t<div class=\"e-con-inner\">\n\t\t<div class=\"elementor-element elementor-element-15f353a e-flex e-con-boxed e-con\" data-id=\"15f353a\" data-element_type=\"container\" data-settings=\"{&quot;content_width&quot;:&quot;boxed&quot;}\">\n\t\t\t\t\t<div class=\"e-con-inner\">\n\t\t\t\t<div class=\"elementor-element elementor-element-7718f9a elementor-widget elementor-widget-heading\" data-id=\"7718f9a\" data-element_type=\"widget\" data-widget_type=\"heading.default\">\n\t\t\t\t<div class=\"elementor-widget-container\">\n\t\t\t<h3 class=\"elementor-heading-title elementor-size-default\">4.- \u00bfCU\u00c1LES SON LAS CAUSAS QUE LEGITIMAN EL TRATAMIENTO DE SUS DATOS PERSONALES?<\/h3>\t\t<\/div>\n\t\t\t\t<\/div>\n\t\t\t\t\t<\/div>\n\t\t\t\t<\/div>\n\t\t<div class=\"elementor-element elementor-element-b0d66da e-flex e-con-boxed e-con\" data-id=\"b0d66da\" data-element_type=\"container\" data-settings=\"{&quot;content_width&quot;:&quot;boxed&quot;}\">\n\t\t\t\t\t<div class=\"e-con-inner\">\n\t\t\t\t<div class=\"elementor-element elementor-element-8ff1969 elementor-widget elementor-widget-heading\" data-id=\"8ff1969\" data-element_type=\"widget\" data-widget_type=\"heading.default\">\n\t\t\t\t<div class=\"elementor-widget-container\">\n\t\t\t<h2 class=\"elementor-heading-title elementor-size-small\">La base legal del tratamiento de sus datos es el consentimiento prestado por parte de la persona interesada. Este se obtiene de modo expreso e inequ\u00edvoco mediante la cumplimentaci\u00f3n y en su caso env\u00edo de los documentos y formularios en papel o electr\u00f3nicos en los que se recopilen sus datos. En todos los documentos de la entidad, que se usan para recoger datos para los diferentes usos, existen cl\u00e1usulas informativas de conformidad con lo establecido en la normativa de protecci\u00f3n de datos y el consentimiento se manifiesta de modo expreso mediante la firma por parte de la persona interesada, o el env\u00edo de los formularios existentes en la p\u00e1gina web.<br><br>Es tambi\u00e9n causa de legitimaci\u00f3n el tratamiento cuando este sea necesario para la ejecuci\u00f3n de un contrato, o la prestaci\u00f3n de un servicio de los que se prestan a las personas interesadas, en el que estas sean parte, o para la aplicaci\u00f3n a petici\u00f3n de las mismas de medidas precontractuales (art. 6.1.a y b RGPD). <br><br>Tambi\u00e9n es causa de legitimaci\u00f3n cumplir con las obligaciones legales a las que  como responsable est\u00e9 obligado y para la satisfacci\u00f3n de inter\u00e9s leg\u00edtimos, siempre que sobre estos no prevalezcan los intereses o los derechos fundamentales de las personas interesadas.<\/h2>\t\t<\/div>\n\t\t\t\t<\/div>\n\t\t\t\t\t<\/div>\n\t\t\t\t<\/div>\n\t\t\t\t\t<\/div>\n\t\t\t\t<\/div>\n\t\t<div class=\"elementor-element elementor-element-99d0b85 e-flex e-con-boxed e-con\" data-id=\"99d0b85\" data-element_type=\"container\" data-settings=\"{&quot;content_width&quot;:&quot;boxed&quot;}\">\n\t\t\t\t\t<div class=\"e-con-inner\">\n\t\t<div class=\"elementor-element elementor-element-171788b e-flex e-con-boxed e-con\" data-id=\"171788b\" data-element_type=\"container\" data-settings=\"{&quot;content_width&quot;:&quot;boxed&quot;}\">\n\t\t\t\t\t<div class=\"e-con-inner\">\n\t\t\t\t<div class=\"elementor-element elementor-element-97d2dc3 elementor-widget elementor-widget-heading\" data-id=\"97d2dc3\" data-element_type=\"widget\" data-widget_type=\"heading.default\">\n\t\t\t\t<div class=\"elementor-widget-container\">\n\t\t\t<h3 class=\"elementor-heading-title elementor-size-default\">5.- \u00bfA QU\u00c9 DESTINATARIOS SE CEDER\u00c1N SUS DATOS PERSONALES?<\/h3>\t\t<\/div>\n\t\t\t\t<\/div>\n\t\t\t\t\t<\/div>\n\t\t\t\t<\/div>\n\t\t<div class=\"elementor-element elementor-element-7b465df e-flex e-con-boxed e-con\" data-id=\"7b465df\" data-element_type=\"container\" data-settings=\"{&quot;content_width&quot;:&quot;boxed&quot;}\">\n\t\t\t\t\t<div class=\"e-con-inner\">\n\t\t\t\t<div class=\"elementor-element elementor-element-8fc2bac elementor-widget elementor-widget-heading\" data-id=\"8fc2bac\" data-element_type=\"widget\" data-widget_type=\"heading.default\">\n\t\t\t\t<div class=\"elementor-widget-container\">\n\t\t\t<h2 class=\"elementor-heading-title elementor-size-small\">Sus datos no se ceder\u00e1n a ninguna entidad sin su consentimiento salvo las cesiones previstas legalmente, en este sentido se solicitar\u00e1 su consentimiento expreso para la cesi\u00f3n de sus datos a cualquier otra entidad.\nComo consecuencia de la gesti\u00f3n de las finalidades autorizadas sus datos podr\u00e1n ser comunicados a entidades o personas directamente relacionadas con LAS ENTIDADES ORGANIZADORAS y con los servicios prestados por la misma. Asimismo, su informaci\u00f3n personal estar\u00e1 a disposici\u00f3n de las Administraciones p\u00fablicas, Jueces y Tribunales, para la atenci\u00f3n de las posibles responsabilidades nacidas del tratamiento y siempre que estas cesiones est\u00e9n amparadas en la ley.<br><br>\nSus datos pueden tambi\u00e9n ser cedidos a empresas que nos prestan alg\u00fan tipo de servicios de asesoramiento, mantenimiento inform\u00e1tico, marketing, formaci\u00f3n o auditor\u00eda. Estas entidades solo tienen acceso a la informaci\u00f3n personal que sea necesaria para llevar a cabo dichos servicios, exigi\u00e9ndoselo mediante un contrato de \u201cencargo de tratamiento de datos\u201d que mantengan la confidencialidad, que no puedan usar la informaci\u00f3n para otros fines y que adopten las medidas que garanticen la integridad y la disponibilidad de la misma.<br><br>\nSi se gestionan a petici\u00f3n de la persona interesada reservas de alojamiento u otros servicios sus datos ser\u00e1n cedidos a las entidades que prestar\u00e1n los mismos.<br><br>\nNo est\u00e1n previstas transferencias internacionales de datos fuera del espacio de la Uni\u00f3n europea o a entidades que no cumplan los est\u00e1ndares en cuanto a protecci\u00f3n de datos establecidos por el reglamento UE 679\/2016.<br><br>\n\nLos datos personales que tratan LAS ENTIDADES ORGANIZADORAS, son proporcionados por la persona interesada, por su empresa, o bien obtenidos de fuentes accesibles al p\u00fablico<\/h2>\t\t<\/div>\n\t\t\t\t<\/div>\n\t\t\t\t\t<\/div>\n\t\t\t\t<\/div>\n\t\t\t\t\t<\/div>\n\t\t\t\t<\/div>\n\t\t<div class=\"elementor-element elementor-element-ae9ae3d e-flex e-con-boxed e-con\" data-id=\"ae9ae3d\" data-element_type=\"container\" data-settings=\"{&quot;content_width&quot;:&quot;boxed&quot;}\">\n\t\t\t\t\t<div class=\"e-con-inner\">\n\t\t<div class=\"elementor-element elementor-element-6c1900e e-flex e-con-boxed e-con\" data-id=\"6c1900e\" data-element_type=\"container\" data-settings=\"{&quot;content_width&quot;:&quot;boxed&quot;}\">\n\t\t\t\t\t<div class=\"e-con-inner\">\n\t\t\t\t<div class=\"elementor-element elementor-element-6c0b055 elementor-widget elementor-widget-heading\" data-id=\"6c0b055\" data-element_type=\"widget\" data-widget_type=\"heading.default\">\n\t\t\t\t<div class=\"elementor-widget-container\">\n\t\t\t<h3 class=\"elementor-heading-title elementor-size-default\">6.- \u00bfQU\u00c9 CATEGOR\u00cdAS DE DATOS TRATAMOS? <\/h3>\t\t<\/div>\n\t\t\t\t<\/div>\n\t\t\t\t\t<\/div>\n\t\t\t\t<\/div>\n\t\t<div class=\"elementor-element elementor-element-bef9137 e-flex e-con-boxed e-con\" data-id=\"bef9137\" data-element_type=\"container\" data-settings=\"{&quot;content_width&quot;:&quot;boxed&quot;}\">\n\t\t\t\t\t<div class=\"e-con-inner\">\n\t\t\t\t<div class=\"elementor-element elementor-element-6313516 elementor-widget elementor-widget-heading\" data-id=\"6313516\" data-element_type=\"widget\" data-widget_type=\"heading.default\">\n\t\t\t\t<div class=\"elementor-widget-container\">\n\t\t\t<h2 class=\"elementor-heading-title elementor-size-small\">Los datos que se tratan son los necesarios para el cumplimiento de los fines autorizados por la persona usuaria.<br><br>\n\n\u2022\t6.1. Datos facilitados a trav\u00e9s de formularios de contacto:<br>\n\u25e6\tDatos identificativos: nombre y apellidos.<br>\u25e6\tDatos de contacto: direcci\u00f3n de correo electr\u00f3nico.<br>\u25e6\tDatos de caracte identificativo y de contacto<br>\u25e6\tDatos acad\u00e9micos y profesionales<br>\u25e6\tInformaci\u00f3n comercial<br>\u25e6\tDatos econ\u00f3micos, financieros y de seguros<br>\u25e6\tDatos de navegaci\u00f3n.<br><br>\t \nEn caso de que la persona usuaria facilite datos de otras personas, manifiesta contar con el consentimiento de las mismas y se compromete a trasladarles la informaci\u00f3n contenida en la Pol\u00edtica de Privacidad.<\/h2>\t\t<\/div>\n\t\t\t\t<\/div>\n\t\t\t\t\t<\/div>\n\t\t\t\t<\/div>\n\t\t\t\t\t<\/div>\n\t\t\t\t<\/div>\n\t\t<div class=\"elementor-element elementor-element-baadbf9 e-flex e-con-boxed e-con\" data-id=\"baadbf9\" data-element_type=\"container\" data-settings=\"{&quot;content_width&quot;:&quot;boxed&quot;}\">\n\t\t\t\t\t<div class=\"e-con-inner\">\n\t\t<div class=\"elementor-element elementor-element-5e9c923 e-flex e-con-boxed e-con\" data-id=\"5e9c923\" data-element_type=\"container\" data-settings=\"{&quot;content_width&quot;:&quot;boxed&quot;}\">\n\t\t\t\t\t<div class=\"e-con-inner\">\n\t\t\t\t<div class=\"elementor-element elementor-element-5647036 elementor-widget elementor-widget-heading\" data-id=\"5647036\" data-element_type=\"widget\" data-widget_type=\"heading.default\">\n\t\t\t\t<div class=\"elementor-widget-container\">\n\t\t\t<h3 class=\"elementor-heading-title elementor-size-default\">7.- \u00bfCU\u00c1LES SON SUS DERECHOS? <\/h3>\t\t<\/div>\n\t\t\t\t<\/div>\n\t\t\t\t\t<\/div>\n\t\t\t\t<\/div>\n\t\t<div class=\"elementor-element elementor-element-f4882ff e-flex e-con-boxed e-con\" data-id=\"f4882ff\" data-element_type=\"container\" data-settings=\"{&quot;content_width&quot;:&quot;boxed&quot;}\">\n\t\t\t\t\t<div class=\"e-con-inner\">\n\t\t\t\t<div class=\"elementor-element elementor-element-6e662f9 elementor-widget elementor-widget-heading\" data-id=\"6e662f9\" data-element_type=\"widget\" data-widget_type=\"heading.default\">\n\t\t\t\t<div class=\"elementor-widget-container\">\n\t\t\t<h2 class=\"elementor-heading-title elementor-size-small\">Cualquier persona tiene derecho a obtener confirmaci\u00f3n sobre si LAS ENTIDADES ORGANIZADORAS trata datos personales que le conciernen, o no.<br><br>\nLas personas interesadas tienen derecho a acceder a sus datos personales y a obtener una copia de los datos personales objeto del tratamiento, a actualizarlos, as\u00ed como a solicitar la rectificaci\u00f3n de los datos inexactos o, en su caso, solicitar su supresi\u00f3n cuando, entre otros motivos, los datos ya no sean necesarios para los fines para los que fueron recogidos. <br>\n<br>En determinadas circunstancias y por motivos relacionados con su situaci\u00f3n particular, los interesados podr\u00e1n oponerse al tratamiento de sus datos. LAS ENTIDADES ORGANIZADORAS dejar\u00e1n de tratar los datos, salvo por motivos leg\u00edtimos imperiosos, o el ejercicio o la defensa de posibles reclamaciones.<br>\n <br>Tambi\u00e9n en determinadas circunstancias, previstas en el art\u00edculo 18 RGPD, los interesados podr\u00e1n solicitar la limitaci\u00f3n del tratamiento de sus datos, en cuyo caso LAS ENTIDADES ORGANIZADORAS los tratar\u00e1n, con excepci\u00f3n de su conservaci\u00f3n, con el consentimiento del interesado o para la formulaci\u00f3n, el ejercicio o la defensa de reclamaciones, o con miras a la protecci\u00f3n de los derechos de otra persona f\u00edsica o jur\u00eddica o por razones de inter\u00e9s p\u00fablico importante de la Uni\u00f3n o de un determinado Estado miembro. <br>\n<br>En el caso de que fuera aplicable, como consecuencia de la aplicaci\u00f3n del derecho a la supresi\u00f3n u oposici\u00f3n al tratamiento de datos personales en el entorno on-line los interesados tienen el derecho al olvido seg\u00fan la jurisprudencia que el Tribunal de Justicia de la UE.\n<br><br>En virtud del derecho a la portabilidad, los interesados tienen derecho a obtener los datos personales que les incumben en un formato estructurado de uso com\u00fan y lectura mec\u00e1nica y a transmitirlos a otro responsable. <br>\n<br>Toda persona interesada tiene derecho a no ser objeto de una decisi\u00f3n basada \u00fanicamente en el tratamiento automatizado, incluida la elaboraci\u00f3n de perfiles, que produzca efectos jur\u00eddicos en \u00e9l o le afecte significativamente de modo similar, salvo las excepciones previstas en el art.22.1 RGPD.<br>\n<br>La persona interesada tiene el derecho a la supresi\u00f3n de sus datos, por la desaparici\u00f3n de la finalidad que motiv\u00f3 el tratamiento o la recogida, por revocaci\u00f3n del consentimiento cuando sea \u00e9ste el que legitime el tratamiento, o por el resto de motivos contenidos en el art\u00edculo 17 RGPD. La supresi\u00f3n se realizar\u00e1, procediendo al borrado de alto nivel de los datos contenidos en soportes automatizados y a la destrucci\u00f3n f\u00edsica de los soportes no automatizados \n<\/h2>\t\t<\/div>\n\t\t\t\t<\/div>\n\t\t\t\t\t<\/div>\n\t\t\t\t<\/div>\n\t\t\t\t\t<\/div>\n\t\t\t\t<\/div>\n\t\t<div class=\"elementor-element elementor-element-a3ef5d9 e-flex e-con-boxed e-con\" data-id=\"a3ef5d9\" data-element_type=\"container\" data-settings=\"{&quot;content_width&quot;:&quot;boxed&quot;}\">\n\t\t\t\t\t<div class=\"e-con-inner\">\n\t\t<div class=\"elementor-element elementor-element-4789e55 e-flex e-con-boxed e-con\" data-id=\"4789e55\" data-element_type=\"container\" data-settings=\"{&quot;content_width&quot;:&quot;boxed&quot;}\">\n\t\t\t\t\t<div class=\"e-con-inner\">\n\t\t\t\t<div class=\"elementor-element elementor-element-fc9d343 elementor-widget elementor-widget-heading\" data-id=\"fc9d343\" data-element_type=\"widget\" data-widget_type=\"heading.default\">\n\t\t\t\t<div class=\"elementor-widget-container\">\n\t\t\t<h3 class=\"elementor-heading-title elementor-size-default\">8.- \u00bfC\u00d3MO SE PUEDEN EJERCER LOS DERECHOS?<\/h3>\t\t<\/div>\n\t\t\t\t<\/div>\n\t\t\t\t\t<\/div>\n\t\t\t\t<\/div>\n\t\t<div class=\"elementor-element elementor-element-4de375e e-flex e-con-boxed e-con\" data-id=\"4de375e\" data-element_type=\"container\" data-settings=\"{&quot;content_width&quot;:&quot;boxed&quot;}\">\n\t\t\t\t\t<div class=\"e-con-inner\">\n\t\t\t\t<div class=\"elementor-element elementor-element-af502c3 elementor-widget elementor-widget-heading\" data-id=\"af502c3\" data-element_type=\"widget\" data-widget_type=\"heading.default\">\n\t\t\t\t<div class=\"elementor-widget-container\">\n\t\t\t<h2 class=\"elementor-heading-title elementor-size-small\">Dirigiendo un escrito a las direcciones indicadas en el encabezamiento, indicando el derecho que se solicita. En ocasiones y con la finalidad de acreditar la identidad de la persona solicitante se puede pedir la exhibici\u00f3n del DNI u otro documento equivalente, que la identifique.<\/h2>\t\t<\/div>\n\t\t\t\t<\/div>\n\t\t\t\t\t<\/div>\n\t\t\t\t<\/div>\n\t\t\t\t\t<\/div>\n\t\t\t\t<\/div>\n\t\t<div class=\"elementor-element elementor-element-add9bca e-flex e-con-boxed e-con\" data-id=\"add9bca\" data-element_type=\"container\" data-settings=\"{&quot;content_width&quot;:&quot;boxed&quot;}\">\n\t\t\t\t\t<div class=\"e-con-inner\">\n\t\t<div class=\"elementor-element elementor-element-4faece4 e-flex e-con-boxed e-con\" data-id=\"4faece4\" data-element_type=\"container\" data-settings=\"{&quot;content_width&quot;:&quot;boxed&quot;}\">\n\t\t\t\t\t<div class=\"e-con-inner\">\n\t\t\t\t<div class=\"elementor-element elementor-element-8d5bb2d elementor-widget elementor-widget-heading\" data-id=\"8d5bb2d\" data-element_type=\"widget\" data-widget_type=\"heading.default\">\n\t\t\t\t<div class=\"elementor-widget-container\">\n\t\t\t<h3 class=\"elementor-heading-title elementor-size-default\">9.- \u00bfQU\u00c9 V\u00cdAS DE RECLAMACI\u00d3N EXISTEN?<\/h3>\t\t<\/div>\n\t\t\t\t<\/div>\n\t\t\t\t\t<\/div>\n\t\t\t\t<\/div>\n\t\t<div class=\"elementor-element elementor-element-5c19693 e-flex e-con-boxed e-con\" data-id=\"5c19693\" data-element_type=\"container\" data-settings=\"{&quot;content_width&quot;:&quot;boxed&quot;}\">\n\t\t\t\t\t<div class=\"e-con-inner\">\n\t\t\t\t<div class=\"elementor-element elementor-element-a45b4ee elementor-widget elementor-widget-heading\" data-id=\"a45b4ee\" data-element_type=\"widget\" data-widget_type=\"heading.default\">\n\t\t\t\t<div class=\"elementor-widget-container\">\n\t\t\t<h2 class=\"elementor-heading-title elementor-size-small\">Si considera que sus derechos no se han atendido debidamente, tiene derecho a presentar una reclamaci\u00f3n ante la Agencia Espa\u00f1ola de Protecci\u00f3n de Datos, cuyos datos de contacto son: Tel\u00e9fonos: 901 100 099 91.266.35.17 Direcci\u00f3n Postal: C\/ Jorge Juan,6 Madrid.<\/h2>\t\t<\/div>\n\t\t\t\t<\/div>\n\t\t\t\t\t<\/div>\n\t\t\t\t<\/div>\n\t\t\t\t\t<\/div>\n\t\t\t\t<\/div>\n\t\t<div class=\"elementor-element elementor-element-3c86e9b e-flex e-con-boxed e-con\" data-id=\"3c86e9b\" data-element_type=\"container\" data-settings=\"{&quot;content_width&quot;:&quot;boxed&quot;}\">\n\t\t\t\t\t<div class=\"e-con-inner\">\n\t\t<div class=\"elementor-element elementor-element-4365ee1 e-flex e-con-boxed e-con\" data-id=\"4365ee1\" data-element_type=\"container\" data-settings=\"{&quot;content_width&quot;:&quot;boxed&quot;}\">\n\t\t\t\t\t<div class=\"e-con-inner\">\n\t\t\t\t<div class=\"elementor-element elementor-element-07f7cef elementor-widget elementor-widget-heading\" data-id=\"07f7cef\" data-element_type=\"widget\" data-widget_type=\"heading.default\">\n\t\t\t\t<div class=\"elementor-widget-container\">\n\t\t\t<h3 class=\"elementor-heading-title elementor-size-default\">\u00daLTIMA ACTUALIZACI\u00d3N: 26\/02\/2025<\/h3>\t\t<\/div>\n\t\t\t\t<\/div>\n\t\t\t\t\t<\/div>\n\t\t\t\t<\/div>\n\t\t<div class=\"elementor-element elementor-element-a5d79dc e-flex e-con-boxed e-con\" data-id=\"a5d79dc\" data-element_type=\"container\" data-settings=\"{&quot;content_width&quot;:&quot;boxed&quot;}\">\n\t\t\t\t\t<div class=\"e-con-inner\">\n\t\t\t\t\t<\/div>\n\t\t\t\t<\/div>\n\t\t\t\t\t<\/div>\n\t\t\t\t<\/div>\n\t\t\t\t\t\t\t<\/div>\n\t\t","protected":false},"excerpt":{"rendered":"<p>DECLARACI\u00d3N DE PRIVACIDAD EXTENSA www.congresoibericofundicion.com 1.- \u00bfQUI\u00c9N ES EL RESPONSABLE DEL TRATAMIENTO DE SUS DATOS? Son entidades responsables de esta web y de organizaci\u00f3n del Congreso ib\u00e9rico de fundici\u00f3n respectivamente: Denominaci\u00f3n: FEDERACION ESPA\u00d1OLA DE ASOCIACIONES DE FUNDIDORESC.I.F.\/N.I.F.: V48918211Domicilio Social: Alameda de Urquijo 33,1\u00ba Dcha., 48008 Bilbao ( Bizkaia)Estatutos depositados en el Ministerio de Empleo y &hellip;<\/p>\n<p class=\"read-more\"> <a class=\"\" href=\"https:\/\/www.congresoibericofundicion.com\/index.php\/politica-de-privacidad\/\"> <span class=\"screen-reader-text\">Pol\u00edtica de privacidad<\/span> Leer m\u00e1s &raquo;<\/a><\/p>\n","protected":false},"author":1,"featured_media":0,"parent":0,"menu_order":0,"comment_status":"closed","ping_status":"closed","template":"","meta":{"site-sidebar-layout":"no-sidebar","site-content-layout":"page-builder","ast-global-header-display":"","ast-banner-title-visibility":"","ast-main-header-display":"","ast-hfb-above-header-display":"","ast-hfb-below-header-display":"","ast-hfb-mobile-header-display":"","site-post-title":"disabled","ast-breadcrumbs-content":"","ast-featured-img":"disabled","footer-sml-layout":"","theme-transparent-header-meta":"","adv-header-id-meta":"","stick-header-meta":"","header-above-stick-meta":"","header-main-stick-meta":"","header-below-stick-meta":"","footnotes":""},"class_list":["post-3210","page","type-page","status-publish","hentry"],"yoast_head":"<!-- This site is optimized with the Yoast SEO plugin v20.10 - https:\/\/yoast.com\/wordpress\/plugins\/seo\/ -->\n<title>Pol\u00edtica de privacidad - Congreso Ib&eacute;rico Fundici&oacute;n<\/title>\n<meta name=\"robots\" content=\"index, follow, max-snippet:-1, max-image-preview:large, max-video-preview:-1\" \/>\n<link rel=\"canonical\" href=\"https:\/\/www.congresoibericofundicion.com\/index.php\/politica-de-privacidad\/\" \/>\n<meta property=\"og:locale\" content=\"es_ES\" \/>\n<meta property=\"og:type\" content=\"article\" \/>\n<meta property=\"og:title\" content=\"Pol\u00edtica de privacidad - Congreso Ib&eacute;rico Fundici&oacute;n\" \/>\n<meta property=\"og:description\" content=\"DECLARACI\u00d3N DE PRIVACIDAD EXTENSA www.congresoibericofundicion.com 1.- \u00bfQUI\u00c9N ES EL RESPONSABLE DEL TRATAMIENTO DE SUS DATOS? Son entidades responsables de esta web y de organizaci\u00f3n del Congreso ib\u00e9rico de fundici\u00f3n respectivamente: Denominaci\u00f3n: FEDERACION ESPA\u00d1OLA DE ASOCIACIONES DE FUNDIDORESC.I.F.\/N.I.F.: V48918211Domicilio Social: Alameda de Urquijo 33,1\u00ba Dcha., 48008 Bilbao ( Bizkaia)Estatutos depositados en el Ministerio de Empleo y &hellip; Pol\u00edtica de privacidad Leer m\u00e1s &raquo;\" \/>\n<meta property=\"og:url\" content=\"https:\/\/www.congresoibericofundicion.com\/index.php\/politica-de-privacidad\/\" \/>\n<meta property=\"og:site_name\" content=\"Congreso Ib&eacute;rico Fundici&oacute;n\" \/>\n<meta property=\"article:modified_time\" content=\"2025-03-26T08:33:11+00:00\" \/>\n<meta name=\"twitter:card\" content=\"summary_large_image\" \/>\n<meta name=\"twitter:label1\" content=\"Tiempo de lectura\" \/>\n\t<meta name=\"twitter:data1\" content=\"8 minutos\" \/>\n<script type=\"application\/ld+json\" class=\"yoast-schema-graph\">{\"@context\":\"https:\/\/schema.org\",\"@graph\":[{\"@type\":\"WebPage\",\"@id\":\"https:\/\/www.congresoibericofundicion.com\/index.php\/politica-de-privacidad\/\",\"url\":\"https:\/\/www.congresoibericofundicion.com\/index.php\/politica-de-privacidad\/\",\"name\":\"Pol\u00edtica de privacidad - Congreso Ib&eacute;rico Fundici&oacute;n\",\"isPartOf\":{\"@id\":\"https:\/\/www.congresoibericofundicion.com\/#website\"},\"datePublished\":\"2023-05-02T10:14:49+00:00\",\"dateModified\":\"2025-03-26T08:33:11+00:00\",\"breadcrumb\":{\"@id\":\"https:\/\/www.congresoibericofundicion.com\/index.php\/politica-de-privacidad\/#breadcrumb\"},\"inLanguage\":\"es\",\"potentialAction\":[{\"@type\":\"ReadAction\",\"target\":[\"https:\/\/www.congresoibericofundicion.com\/index.php\/politica-de-privacidad\/\"]}]},{\"@type\":\"BreadcrumbList\",\"@id\":\"https:\/\/www.congresoibericofundicion.com\/index.php\/politica-de-privacidad\/#breadcrumb\",\"itemListElement\":[{\"@type\":\"ListItem\",\"position\":1,\"name\":\"Portada\",\"item\":\"https:\/\/www.congresoibericofundicion.com\/\"},{\"@type\":\"ListItem\",\"position\":2,\"name\":\"Pol\u00edtica de privacidad\"}]},{\"@type\":\"WebSite\",\"@id\":\"https:\/\/www.congresoibericofundicion.com\/#website\",\"url\":\"https:\/\/www.congresoibericofundicion.com\/\",\"name\":\"Congreso Ib\u00e9rico Fundici\u00f3n\",\"description\":\"conectando expertos y promoviendo la excelencia en la industria de la fundici&oacute;n\",\"publisher\":{\"@id\":\"https:\/\/www.congresoibericofundicion.com\/#organization\"},\"potentialAction\":[{\"@type\":\"SearchAction\",\"target\":{\"@type\":\"EntryPoint\",\"urlTemplate\":\"https:\/\/www.congresoibericofundicion.com\/?s={search_term_string}\"},\"query-input\":\"required name=search_term_string\"}],\"inLanguage\":\"es\"},{\"@type\":\"Organization\",\"@id\":\"https:\/\/www.congresoibericofundicion.com\/#organization\",\"name\":\"Congreso Ib\u00e9rico Fundici\u00f3n\",\"url\":\"https:\/\/www.congresoibericofundicion.com\/\",\"logo\":{\"@type\":\"ImageObject\",\"inLanguage\":\"es\",\"@id\":\"https:\/\/www.congresoibericofundicion.com\/#\/schema\/logo\/image\/\",\"url\":\"https:\/\/www.congresoibericofundicion.com\/wp-content\/uploads\/2023\/04\/cropped-cropped-LogoCongreso.png\",\"contentUrl\":\"https:\/\/www.congresoibericofundicion.com\/wp-content\/uploads\/2023\/04\/cropped-cropped-LogoCongreso.png\",\"width\":500,\"height\":166,\"caption\":\"Congreso Ib\u00e9rico Fundici\u00f3n\"},\"image\":{\"@id\":\"https:\/\/www.congresoibericofundicion.com\/#\/schema\/logo\/image\/\"},\"sameAs\":[\"https:\/\/www.linkedin.com\/company\/congreso-iberico-fundicion-congresso-iberico-fundicao\/\"]}]}<\/script>\n<!-- \/ Yoast SEO plugin. -->","yoast_head_json":{"title":"Pol\u00edtica de privacidad - Congreso Ib&eacute;rico Fundici&oacute;n","robots":{"index":"index","follow":"follow","max-snippet":"max-snippet:-1","max-image-preview":"max-image-preview:large","max-video-preview":"max-video-preview:-1"},"canonical":"https:\/\/www.congresoibericofundicion.com\/index.php\/politica-de-privacidad\/","og_locale":"es_ES","og_type":"article","og_title":"Pol\u00edtica de privacidad - Congreso Ib&eacute;rico Fundici&oacute;n","og_description":"DECLARACI\u00d3N DE PRIVACIDAD EXTENSA www.congresoibericofundicion.com 1.- \u00bfQUI\u00c9N ES EL RESPONSABLE DEL TRATAMIENTO DE SUS DATOS? Son entidades responsables de esta web y de organizaci\u00f3n del Congreso ib\u00e9rico de fundici\u00f3n respectivamente: Denominaci\u00f3n: FEDERACION ESPA\u00d1OLA DE ASOCIACIONES DE FUNDIDORESC.I.F.\/N.I.F.: V48918211Domicilio Social: Alameda de Urquijo 33,1\u00ba Dcha., 48008 Bilbao ( Bizkaia)Estatutos depositados en el Ministerio de Empleo y &hellip; Pol\u00edtica de privacidad Leer m\u00e1s &raquo;","og_url":"https:\/\/www.congresoibericofundicion.com\/index.php\/politica-de-privacidad\/","og_site_name":"Congreso Ib&eacute;rico Fundici&oacute;n","article_modified_time":"2025-03-26T08:33:11+00:00","twitter_card":"summary_large_image","twitter_misc":{"Tiempo de lectura":"8 minutos"},"schema":{"@context":"https:\/\/schema.org","@graph":[{"@type":"WebPage","@id":"https:\/\/www.congresoibericofundicion.com\/index.php\/politica-de-privacidad\/","url":"https:\/\/www.congresoibericofundicion.com\/index.php\/politica-de-privacidad\/","name":"Pol\u00edtica de privacidad - Congreso Ib&eacute;rico Fundici&oacute;n","isPartOf":{"@id":"https:\/\/www.congresoibericofundicion.com\/#website"},"datePublished":"2023-05-02T10:14:49+00:00","dateModified":"2025-03-26T08:33:11+00:00","breadcrumb":{"@id":"https:\/\/www.congresoibericofundicion.com\/index.php\/politica-de-privacidad\/#breadcrumb"},"inLanguage":"es","potentialAction":[{"@type":"ReadAction","target":["https:\/\/www.congresoibericofundicion.com\/index.php\/politica-de-privacidad\/"]}]},{"@type":"BreadcrumbList","@id":"https:\/\/www.congresoibericofundicion.com\/index.php\/politica-de-privacidad\/#breadcrumb","itemListElement":[{"@type":"ListItem","position":1,"name":"Portada","item":"https:\/\/www.congresoibericofundicion.com\/"},{"@type":"ListItem","position":2,"name":"Pol\u00edtica de privacidad"}]},{"@type":"WebSite","@id":"https:\/\/www.congresoibericofundicion.com\/#website","url":"https:\/\/www.congresoibericofundicion.com\/","name":"Congreso Ib\u00e9rico Fundici\u00f3n","description":"conectando expertos y promoviendo la excelencia en la industria de la fundici&oacute;n","publisher":{"@id":"https:\/\/www.congresoibericofundicion.com\/#organization"},"potentialAction":[{"@type":"SearchAction","target":{"@type":"EntryPoint","urlTemplate":"https:\/\/www.congresoibericofundicion.com\/?s={search_term_string}"},"query-input":"required name=search_term_string"}],"inLanguage":"es"},{"@type":"Organization","@id":"https:\/\/www.congresoibericofundicion.com\/#organization","name":"Congreso Ib\u00e9rico Fundici\u00f3n","url":"https:\/\/www.congresoibericofundicion.com\/","logo":{"@type":"ImageObject","inLanguage":"es","@id":"https:\/\/www.congresoibericofundicion.com\/#\/schema\/logo\/image\/","url":"https:\/\/www.congresoibericofundicion.com\/wp-content\/uploads\/2023\/04\/cropped-cropped-LogoCongreso.png","contentUrl":"https:\/\/www.congresoibericofundicion.com\/wp-content\/uploads\/2023\/04\/cropped-cropped-LogoCongreso.png","width":500,"height":166,"caption":"Congreso Ib\u00e9rico Fundici\u00f3n"},"image":{"@id":"https:\/\/www.congresoibericofundicion.com\/#\/schema\/logo\/image\/"},"sameAs":["https:\/\/www.linkedin.com\/company\/congreso-iberico-fundicion-congresso-iberico-fundicao\/"]}]}},"_links":{"self":[{"href":"https:\/\/www.congresoibericofundicion.com\/index.php\/wp-json\/wp\/v2\/pages\/3210","targetHints":{"allow":["GET"]}}],"collection":[{"href":"https:\/\/www.congresoibericofundicion.com\/index.php\/wp-json\/wp\/v2\/pages"}],"about":[{"href":"https:\/\/www.congresoibericofundicion.com\/index.php\/wp-json\/wp\/v2\/types\/page"}],"author":[{"embeddable":true,"href":"https:\/\/www.congresoibericofundicion.com\/index.php\/wp-json\/wp\/v2\/users\/1"}],"replies":[{"embeddable":true,"href":"https:\/\/www.congresoibericofundicion.com\/index.php\/wp-json\/wp\/v2\/comments?post=3210"}],"version-history":[{"count":2,"href":"https:\/\/www.congresoibericofundicion.com\/index.php\/wp-json\/wp\/v2\/pages\/3210\/revisions"}],"predecessor-version":[{"id":4909,"href":"https:\/\/www.congresoibericofundicion.com\/index.php\/wp-json\/wp\/v2\/pages\/3210\/revisions\/4909"}],"wp:attachment":[{"href":"https:\/\/www.congresoibericofundicion.com\/index.php\/wp-json\/wp\/v2\/media?parent=3210"}],"curies":[{"name":"wp","href":"https:\/\/api.w.org\/{rel}","templated":true}]}}